{"id":3361,"date":"2023-08-13T10:26:54","date_gmt":"2023-08-13T08:26:54","guid":{"rendered":"http:\/\/www.kerradan.fr\/?page_id=3361"},"modified":"2024-02-26T02:38:04","modified_gmt":"2024-02-26T01:38:04","slug":"danser-chez-soi","status":"publish","type":"page","link":"http:\/\/www.kerradan.fr\/index.php\/les-danses\/danser-chez-soi\/","title":{"rendered":"Tutos \/ r\u00e9viser"},"content":{"rendered":"\n<p class=\"has-black-color has-text-color has-medium-font-size\"><strong>Les liens renvoient vers des tutos tr\u00e8s bien faits sur les sites<\/strong> <strong>BECEDIA<\/strong> <strong>(danses bretonnes) et DAVIAUD (danses vend\u00e9ennes):<\/strong><\/p>\n\n\n\n<ul class=\"wp-block-list\">\n<li class=\"has-medium-font-size\"><strong>BECEDIA<\/strong> \u00a0<a href=\"http:\/\/bcd.bzh\/becedia\/fr\/tuto-danses-bretonnes\">http:\/\/bcd.bzh\/becedia\/fr\/tuto-danses-bretonnes<\/a><\/li>\n<\/ul>\n\n\n\n<ul class=\"wp-block-list\">\n<li class=\"has-medium-font-size\"><strong>DAVIAUD<\/strong>  <a href=\"https:\/\/www.youtube.com\/playlist?list=PL_Gd1A4HBKeH6WBy9UXwfVttWW1dcmVpk\">https:\/\/www.youtube.com\/playlist?list=PL_Gd1A4HBKeH6WBy9UXwfVttWW1dcmVpk<\/a><\/li>\n<\/ul>\n\n\n\n<p class=\"has-black-color has-text-color has-link-color has-medium-font-size wp-elements-9ab83c7a5e9621b6f1f56a0ac58cc257\"><strong>ou des d\u00e9monstrations de danses prises lors de concours <\/strong><\/p>\n\n\n\n<p class=\"has-black-color has-text-color has-link-color has-medium-font-size wp-elements-eaef52e87d03c42d9572973f4438f2a6\"><strong>ou notre m\u00e9thodologie Kerradan<\/strong> <\/p>\n\n\n\n<h2 class=\"wp-block-heading has-black-color has-pale-ocean-gradient-background has-text-color has-background\"><strong>Les rondes<\/strong><\/h2>\n\n\n\n<p class=\"has-vivid-red-color has-text-color has-large-font-size\"><strong>\u2026.&nbsp;en se tenant par les petits doigts \u2026\u2026.<\/strong><\/p>\n\n\n\n<ul class=\"wp-block-list\">\n<li style=\"font-size:16px;font-style:normal;font-weight:900\"><strong>A<\/strong><strong>ndro <\/strong><strong>&nbsp;<a href=\"http:\/\/bcd.bzh\/becedia\/fr\/an-dro\">http:\/\/bcd.bzh\/becedia\/fr\/an-dro<\/a><\/strong><strong><\/strong><\/li>\n\n\n\n<li style=\"font-size:16px;font-style:normal;font-weight:900\"><strong>Andro retourn\u00e9<\/strong>&nbsp;<strong>(ou Changes-tu)<\/strong> &nbsp;<a rel=\"noreferrer noopener\" href=\"https:\/\/www.youtube.com\/watch?v=PG1wV1BD6mc\" target=\"_blank\"><strong>https:\/\/www.youtube.com\/watch?v=PG1wV1BD6mc<\/strong><\/a><\/li>\n\n\n\n<li style=\"font-size:16px;font-style:normal;font-weight:900\"><strong>Gavotte de Kernevodez<\/strong>&nbsp; <strong>&nbsp;<\/strong><a rel=\"noreferrer noopener\" href=\"https:\/\/www.youtube.com\/watch?v=12uOO8WI-Yc\" target=\"_blank\"><strong>https:\/\/www.youtube.com\/watch?v=12uOO8WI-Yc<\/strong><\/a><\/li>\n\n\n\n<li style=\"font-size:16px;font-style:normal;font-weight:900\"><strong>Larid\u00e9 Huit Temps &nbsp;<a href=\"http:\/\/bcd.bzh\/becedia\/fr\/laride-huit-temps\">http:\/\/bcd.bzh\/becedia\/fr\/laride-huit-temps<\/a><\/strong><\/li>\n\n\n\n<li style=\"font-size:16px;font-style:normal;font-weight:900\"><strong>Larid\u00e9 de la c\u00f4te<\/strong> <strong> <a href=\"https:\/\/www.youtube.com\/watch?v=gv3d534ddpU\" target=\"_blank\" rel=\"noreferrer noopener\">https:\/\/www.youtube.com\/watch?v=gv3d534ddpU<\/a> ou  <\/strong> <strong><a href=\"http:\/\/www.youtube.com\/watch?v=b6fWofSPrD8\" target=\"_blank\" rel=\"noreferrer noopener\">http:\/\/www.youtube.com\/watch?v=b6fWofSPrD8<\/a><\/strong><\/li>\n\n\n\n<li style=\"font-size:16px;font-style:normal;font-weight:900\"><strong>Rid\u00e9e 6 temps <a href=\"http:\/\/bcd.bzh\/becedia\/fr\/ridee-six-temps\">http:\/\/bcd.bzh\/becedia\/fr\/ridee-six-temps<\/a><\/strong><\/li>\n\n\n\n<li style=\"font-size:16px;font-style:normal;font-weight:900\"><strong>Rond de Saint Vincent <a href=\"http:\/\/bcd.bzh\/becedia\/fr\/rond-saint-vincent\">http:\/\/bcd.bzh\/becedia\/fr\/rond-saint-vincent<\/a><\/strong><\/li>\n<\/ul>\n\n\n\n<p class=\"has-black-color has-text-color has-medium-font-size\"><strong>\u2026 toujours les petits doigts, mais ronde en couple ou <\/strong><strong>cort\u00e8ge de couples <\/strong><strong>\u2026<\/strong><strong>.<\/strong><\/p>\n\n\n\n<ul class=\"wp-block-list\">\n<li style=\"font-size:16px;font-style:normal;font-weight:700\"><strong>Kas a Barh <a href=\"http:\/\/bcd.bzh\/becedia\/fr\/kas-a-barh\">http:\/\/bcd.bzh\/becedia\/fr\/kas-a-barh<\/a><\/strong><strong><\/strong><\/li>\n\n\n\n<li style=\"font-size:16px;font-style:normal;font-weight:700\"><strong>Rid\u00e9e de Guiliac<\/strong> &nbsp;<a href=\"https:\/\/www.youtube.com\/watch?v=j9wTA-HGj8g\"><strong>https:\/\/www.youtube.com\/watch?v=j9wTA-HGj8g<\/strong><\/a><\/li>\n\n\n\n<li style=\"font-size:16px;font-style:normal;font-weight:700\"><strong>Rond Pagan <a href=\"http:\/\/bcd.bzh\/becedia\/fr\/rond-pagan\">http:\/\/bcd.bzh\/becedia\/fr\/rond-pagan<\/a><\/strong><\/li>\n<\/ul>\n\n\n\n<p class=\"has-vivid-red-color has-text-color has-large-font-size\"><strong>\u2026. on oublie les petits doigts \u2026<\/strong><\/p>\n\n\n\n<ul class=\"wp-block-list\">\n<li style=\"font-size:16px;font-style:normal;font-weight:700\"><strong>Bal paludier<\/strong> <a rel=\"noreferrer noopener\" href=\"https:\/\/www.youtube.com\/watch?v=dV_IV_F1d68\" target=\"_blank\"><strong>https:\/\/www.youtube.com\/watch?v=dV_IV_F1d68<\/strong><\/a><\/li>\n\n\n\n<li style=\"font-size:16px;font-style:normal;font-weight:700\"><strong>Demi &#8211; Rond de l\u2019IIe d\u2019Yeu&nbsp;<a href=\"https:\/\/www.youtube.com\/watch?v=a5sYIQRWA6Y&amp;list=PL_Gd1A4HBKeH6WBy9UXwfVttWW1dcmVpk&amp;index=5\">https:\/\/www.youtube.com\/watch?v=a5sYIQRWA6Y&amp;list=PL_Gd1A4HBKeH6WBy9UXwfVttWW1dcmVpk&amp;index=5<\/a><\/strong><strong><\/strong><\/li>\n\n\n\n<li style=\"font-size:16px;font-style:normal;font-weight:700\"><strong>Gavotte <\/strong><a href=\"https:\/\/www.youtube.com\/watch?v=Pq5DD8zjyYM\"><strong>https:\/\/www.youtube.com\/watch?v=Pq5DD8zjyYM<\/strong><\/a><\/li>\n\n\n\n<li style=\"font-size:16px;font-style:normal;font-weight:700\"><strong>Gavotte de Kernevodez<\/strong> <strong><a href=\"https:\/\/www.youtube.com\/watch?v=12uOO8WI-Yc\">https:\/\/www.youtube.com\/watch?v=12uOO8WI-Yc<\/a><\/strong><\/li>\n\n\n\n<li style=\"font-size:16px;font-style:normal;font-weight:700\"><strong>Kost\u2019ar hoat<\/strong> <strong>(Kost er c&rsquo;hoed en Vannetais)<\/strong> <a href=\"http:\/\/bcd.bzh\/becedia\/fr\/kost-er-c-hoet\"><strong>http:\/\/bcd.bzh\/becedia\/fr\/kost-er-c-hoet<\/strong><\/a><\/li>\n\n\n\n<li style=\"font-size:16px;font-style:normal;font-weight:700\"><strong>Pora\u00efe <a href=\"https:\/\/www.youtube.com\/watch?v=6K_3C4a26II&amp;list=PL_Gd1A4HBKeH6WBy9UXwfVttWW1dcmVpk&amp;index=2&amp;t=4s\">https:\/\/www.youtube.com\/watch?v=6K_3C4a26II&amp;list=PL_Gd1A4HBKeH6WBy9UXwfVttWW1dcmVpk&amp;index=2&amp;t=4s<\/a><\/strong><\/li>\n\n\n\n<li style=\"font-size:16px;font-style:normal;font-weight:700\"><strong>Rond de Landeda <\/strong><a rel=\"noreferrer noopener\" href=\"https:\/\/www.youtube.com\/watch?v=8s134J5P3xA\" target=\"_blank\"><strong>https:\/\/www.youtube.com\/watchv=8s134J5P3xA<\/strong><\/a><\/li>\n\n\n\n<li style=\"font-size:16px;font-style:normal;font-weight:700\"><strong>Rond de L\u2019Epine <a href=\"https:\/\/www.youtube.com\/watch?v=9kH10m5EIYw&amp;list=PL_Gd1A4HBKeH6WBy9UXwfVttWW1dcmVpk&amp;index=1\">https:\/\/www.youtube.com\/watch?v=9kH10m5EIYw&amp;list=PL_Gd1A4HBKeH6WBy9UXwfVttWW1dcmVpk&amp;index=1<\/a><\/strong><strong><\/strong><\/li>\n\n\n\n<li style=\"font-size:16px;font-style:normal;font-weight:700\"><strong>Rond de l\u2019Ie d\u2019Yeu&nbsp;<a href=\"https:\/\/www.youtube.com\/watch?v=bdSzgymlo1Y&amp;list=PL_Gd1A4HBKeH6WBy9UXwfVttWW1dcmVpk&amp;index=3\">https:\/\/www.youtube.com\/watch?v=bdSzgymlo1Y&amp;list=PL_Gd1A4HBKeH6WBy9UXwfVttWW1dcmVpk&amp;index=3<\/a><\/strong><strong><\/strong><\/li>\n\n\n\n<li style=\"font-size:16px;font-style:normal;font-weight:700\"><strong>Rond Paludie<\/strong><strong>r <a href=\"http:\/\/bcd.bzh\/becedia\/fr\/rond-paludier\">http:\/\/bcd.bzh\/becedia\/fr\/rond-paludier<\/a><\/strong><strong><\/strong><\/li>\n<\/ul>\n\n\n\n<p class=\"has-black-color has-text-color has-medium-font-size\"><strong>\u2026 toujours sans petits doigts, mais ronde en couple ou <\/strong><strong>cort\u00e8ge de couples <\/strong><strong>\u2026.<\/strong><\/p>\n\n\n\n<ul class=\"wp-block-list\">\n<li style=\"font-size:16px;font-style:normal;font-weight:600\"><strong>Cercle Circassien<\/strong> <strong><a href=\"http:\/\/bcd.bzh\/becedia\/fr\/cercle-circassien\">http:\/\/bcd.bzh\/becedia\/fr\/cercle-circassien<\/a><\/strong><\/li>\n\n\n\n<li style=\"font-size:16px;font-style:normal;font-weight:600\"><strong>La Mara\u00eechine<\/strong>  <strong><a href=\"https:\/\/www.youtube.com\/watch?v=Fcv5Rl2VeZM\">https:\/\/www.youtube.com\/watch?v=Fcv5Rl2VeZM<\/a>&nbsp;<\/strong> <\/li>\n\n\n\n<li style=\"font-size:16px;font-style:normal;font-weight:600\"><strong>Maraichine en 6 figures par Les Etournias &nbsp;<\/strong><a rel=\"noreferrer noopener\" href=\"https:\/\/www.youtube.com\/watch?v=gbQiOsjLqIo\" target=\"_blank\"><strong>https:\/\/www.youtube.com\/watch?v=gbQiOsjLqIo<\/strong><\/a><\/li>\n<\/ul>\n\n\n\n<h2 class=\"wp-block-heading has-black-color has-pale-ocean-gradient-background has-text-color has-background\"><strong>Les danses e<\/strong><strong>n cha\u00eene<\/strong><strong> ou <\/strong><strong>en cort\u00e8ge de 3 ou 4 danseurs \u2026<\/strong><strong><\/strong><\/h2>\n\n\n\n<ul class=\"wp-block-list\">\n<li style=\"font-size:16px;font-style:normal;font-weight:700\"><strong>Gavotte Montagne <\/strong><a href=\"http:\/\/bcd.bzh\/becedia\/fr\/suite-gavotte\"><strong>http:\/\/bcd.bzh\/becedia\/fr\/suite-gavotte<\/strong><\/a><\/li>\n\n\n\n<li style=\"font-size:16px;font-style:normal;font-weight:700\"><strong>Gavotte de l&rsquo;Aven <\/strong><a href=\"https:\/\/www.youtube.com\/watch?v=HHQplb3UOJ8\"><strong>https:\/\/www.youtube.com\/watch?v=HHQplb3UOJ8<\/strong><\/a>&nbsp;<\/li>\n<\/ul>\n\n\n\n<p class=\"has-black-color has-text-color\" style=\"font-size:16px\"><strong>Gavotte de l&rsquo;Aven renomm\u00e9e Gavotte de Grenoble, de Sancerre, Caresse ..en Trad \/ N\u00e9o Trad<\/strong><\/p>\n\n\n\n<h2 class=\"wp-block-heading has-black-color has-pale-ocean-gradient-background has-text-color has-background\"><strong>Les danses en couple<\/strong><\/h2>\n\n\n\n<ul class=\"wp-block-list\">\n<li style=\"font-size:16px;font-style:normal;font-weight:700\"><strong>Mazurka <a href=\"https:\/\/www.youtube.com\/watch?v=XQxBsAZLWNM\">https:\/\/www.youtube.com\/watch?v=XQxBsAZLWNM<\/a> &nbsp;ou <\/strong><a href=\"https:\/\/www.youtube.com\/watch?v=SOMAKkDINZU\"><strong>https:\/\/www.youtube.com\/watch?v=SOMAKkDINZU<\/strong><\/a><\/li>\n\n\n\n<li style=\"font-size:16px;font-style:normal;font-weight:700\"><strong>Scottish<\/strong>&nbsp; <a href=\"http:\/\/bcd.bzh\/becedia\/fr\/scottish\"><strong>http:\/\/bcd.bzh\/becedia\/fr\/scottish<\/strong><\/a><\/li>\n<\/ul>\n\n\n\n<h2 class=\"wp-block-heading has-black-color has-pale-ocean-gradient-background has-text-color has-background\"><strong>Les suites (danses en plusieurs parties ) <\/strong><\/h2>\n\n\n\n<ul class=\"wp-block-list\">\n<li style=\"font-size:16px;font-style:normal;font-weight:700\"><strong>Suite Plinn<\/strong> <strong>\u2013 danse en 3 parties, ronde, bal, ronde<\/strong> <a href=\"http:\/\/bcd.bzh\/becedia\/fr\/suite-plinn\"><strong>http:\/\/bcd.bzh\/becedia\/fr\/suite-plinn<\/strong><\/a><\/li>\n\n\n\n<li style=\"font-size:16px;font-style:normal;font-weight:700\"><strong>Suite de Loud\u00e9ac \u2013 danse en 4 parties, ronde, baleu, ronde et riqu\u00e9ni\u00e9e<\/strong> <a href=\"http:\/\/bcd.bzh\/becedia\/fr\/suite-de-ronds-de-loudeac\"><strong>http:\/\/bcd.bzh\/becedia\/fr\/suite-de-ronds-de-loudeac<\/strong><\/a><\/li>\n\n\n\n<li style=\"font-size:16px;font-style:normal;font-weight:700\">Suite de l&rsquo;Aven &#8211; danse en 4 parties, bal \u00e0 2, puis \u00e0 4, \u00e0 8 et Jabadao <\/li>\n<\/ul>\n\n\n\n<div class=\"wp-block-columns is-layout-flex wp-container-core-columns-is-layout-9d6595d7 wp-block-columns-is-layout-flex\">\n<div class=\"wp-block-column is-layout-flow wp-block-column-is-layout-flow\" style=\"flex-basis:25%\">\n<div class=\"wp-block-buttons is-layout-flex wp-block-buttons-is-layout-flex\">\n<div class=\"wp-block-button has-custom-font-size has-medium-font-size\"><a class=\"wp-block-button__link has-black-color has-pale-ocean-gradient-background has-text-color has-background wp-element-button\" href=\"http:\/\/www.kerradan.fr\/wp-content\/uploads\/2023\/04\/Suite-Aven-Detail-Pas.pdf\" target=\"_blank\" rel=\"noreferrer noopener\"><strong>Suite de l&rsquo;Aven &#8211; pas et figures<\/strong><\/a><\/div>\n<\/div>\n<\/div>\n\n\n\n<div class=\"wp-block-column is-layout-flow wp-block-column-is-layout-flow\" style=\"flex-basis:25%\">\n<div class=\"wp-block-buttons is-layout-flex wp-block-buttons-is-layout-flex\">\n<div class=\"wp-block-button has-custom-font-size has-medium-font-size\"><a class=\"wp-block-button__link has-black-color has-pale-ocean-gradient-background has-text-color has-background wp-element-button\" href=\"https:\/\/www.youtube.com\/watch?v=Yu-nr9Oz_ZY\" target=\"_blank\" rel=\"noreferrer noopener\"><strong>Suite de l&rsquo;Aven<\/strong> &#8211; <strong>Vid\u00e9o<\/strong><\/a><\/div>\n<\/div>\n<\/div>\n\n\n\n<div class=\"wp-block-column is-layout-flow wp-block-column-is-layout-flow\" style=\"flex-basis:50%\">\n<p class=\"has-black-color has-text-color has-medium-font-size\"><strong>Attention: Il ne s\u2019agit pas d\u2019un mod\u00e8le mais tout simplement de la mani\u00e8re dont nous l\u2019avons apprise \u00e0 l\u2019atelier.&nbsp;<\/strong><\/p>\n\n\n\n<p class=\"has-black-color has-text-color has-medium-font-size\">Le but est de permettre \u00e0 nos adh\u00e9rents de pouvoir constituer des quadrettes qui la dansent de la m\u00eame mani\u00e8re lorsqu\u2019ils se retrouvent dans les bals ou Festou Noz. Dans la vid\u00e9o, l\u2019Aven est dans\u00e9e comme nous l\u2019avons apprise \u00e0 l\u2019atelier. Seule diff\u00e9rence, les figures du Jabadao sont dans un ordre diff\u00e9rent.<\/p>\n<\/div>\n<\/div>\n\n\n\n<h2 class=\"wp-block-heading has-black-color has-pale-ocean-gradient-background has-text-color has-background\"><strong>Les Quadrettes<\/strong><\/h2>\n\n\n\n<ul class=\"wp-block-list\">\n<li style=\"font-size:16px;font-style:normal;font-weight:700\"><strong>Avant-deux de travers <\/strong><a rel=\"noreferrer noopener\" href=\"https:\/\/www.youtube.com\/watch?v=PXYOCx4BmlA\" target=\"_blank\"><strong>https:\/\/www.youtube.com\/watch?v=PXYOCx4BmlA<\/strong><\/a><\/li>\n\n\n\n<li style=\"font-size:16px;font-style:normal;font-weight:700\"><strong>Avant-deux de Bazouges <a href=\"http:\/\/bcd.bzh\/becedia\/fr\/avant-deux-de-bazouges\">http:\/\/bcd.bzh\/becedia\/fr\/avant-deux-de-bazouges<\/a><\/strong><\/li>\n\n\n\n<li style=\"font-size:16px;font-style:normal;font-weight:700\"><strong>Avant-deux de la M\u00e9zi\u00e8re<\/strong>&nbsp; <a href=\"https:\/\/www.youtube.com\/watch?v=D7CGM-NbU9k\"><strong>https:\/\/www.youtube.com\/watch?v=D7CGM-NbU9k<\/strong><\/a><\/li>\n\n\n\n<li style=\"font-size:16px\"><strong>Congo de Captieux <a href=\"https:\/\/www.youtube.com\/watch?v=v-AMQjAO28I\" target=\"_blank\" rel=\"noreferrer noopener\">https:\/\/www.youtube.com\/watch?v=v-AMQjAO28I<\/a> \u200cNota: il y a une petite variante sur la danse  par rapport \u00e0 ce qu&rsquo;on a appris lors du stage de f\u00e9vrier 2024, mais cela permets tout de m\u00eame de r\u00e9viser&#8230;<\/strong><\/li>\n<\/ul>\n\n\n\n<h2 class=\"wp-block-heading has-black-color has-pale-ocean-gradient-background has-text-color has-background\"><strong>Les danses en ligne<\/strong><\/h2>\n\n\n\n<ul class=\"wp-block-list\">\n<li style=\"font-size:16px;font-style:normal;font-weight:900\"><strong>Branle de Noirmoutier&nbsp; <a href=\"https:\/\/www.youtube.com\/watch?v=ZmWtA0gTVv8\">https:\/\/www.youtube.com\/watch?v=ZmWtA0gTVv8<\/a> . <\/strong><\/li>\n<\/ul>\n","protected":false},"excerpt":{"rendered":"<p>Les liens renvoient vers des tutos tr\u00e8s bien faits sur les sites BECEDIA (danses bretonnes) et DAVIAUD (danses vend\u00e9ennes): ou des d\u00e9monstrations de danses prises lors de concours ou notre m\u00e9thodologie Kerradan Les rondes \u2026.&nbsp;en se tenant par les petits doigts \u2026\u2026. \u2026 toujours les petits doigts, mais ronde en couple ou cort\u00e8ge de couples<\/p>\n","protected":false},"author":1,"featured_media":0,"parent":3486,"menu_order":0,"comment_status":"closed","ping_status":"closed","template":"","meta":{"footnotes":""},"class_list":["post-3361","page","type-page","status-publish","hentry"],"_links":{"self":[{"href":"http:\/\/www.kerradan.fr\/index.php\/wp-json\/wp\/v2\/pages\/3361","targetHints":{"allow":["GET"]}}],"collection":[{"href":"http:\/\/www.kerradan.fr\/index.php\/wp-json\/wp\/v2\/pages"}],"about":[{"href":"http:\/\/www.kerradan.fr\/index.php\/wp-json\/wp\/v2\/types\/page"}],"author":[{"embeddable":true,"href":"http:\/\/www.kerradan.fr\/index.php\/wp-json\/wp\/v2\/users\/1"}],"replies":[{"embeddable":true,"href":"http:\/\/www.kerradan.fr\/index.php\/wp-json\/wp\/v2\/comments?post=3361"}],"version-history":[{"count":45,"href":"http:\/\/www.kerradan.fr\/index.php\/wp-json\/wp\/v2\/pages\/3361\/revisions"}],"predecessor-version":[{"id":4038,"href":"http:\/\/www.kerradan.fr\/index.php\/wp-json\/wp\/v2\/pages\/3361\/revisions\/4038"}],"up":[{"embeddable":true,"href":"http:\/\/www.kerradan.fr\/index.php\/wp-json\/wp\/v2\/pages\/3486"}],"wp:attachment":[{"href":"http:\/\/www.kerradan.fr\/index.php\/wp-json\/wp\/v2\/media?parent=3361"}],"curies":[{"name":"wp","href":"https:\/\/api.w.org\/{rel}","templated":true}]}}